


{"id":398,"date":"2016-08-17T17:34:25","date_gmt":"2016-08-17T15:34:25","guid":{"rendered":"http:\/\/www.lrf.fr\/?page_id=398"},"modified":"2024-07-04T14:59:43","modified_gmt":"2024-07-04T12:59:43","slug":"declarations-d-echanges-de-biens-deb-services","status":"publish","type":"page","link":"https:\/\/www.lrf.fr\/fr\/services\/declarations-d-echanges-de-biens-deb-et-services-des\/","title":{"rendered":"Etat r\u00e9capitulatif TVA et r\u00e9ponses aux enqu\u00eates statistiques"},"content":{"rendered":"<p>                    <\/div>\r\n            \r\n        <section class=\"gravity-section\" style=\"height:autopx;\">\r\n                                <div class=\"gravity-section-background\"  style=\"background-color: #FFFFFF;\">\r\n                    <\/div>\r\n            \r\n    <div class=\"gravity-section-content\"><p><img loading=\"lazy\" decoding=\"async\" class=\"aligncenter wp-image-125\" src=\"http:\/\/www.lrf.fr\/wp-content\/uploads\/2016\/11\/declaration-echange-bien.jpg\" alt=\"De\u0301claration d'echange de bien\" width=\"1200\" height=\"433\" \/><\/p>\n<\/div>\n                            \r\n        <\/section><!-- .gravity-section -->\r\n                    <div class=\"container\">\r\n                \r\n    \n<p>&nbsp;<\/p>\n<p><strong>Depuis le 1er janvier 2022, des modifications ont \u00e9t\u00e9 apport\u00e9es aux modalit\u00e9s de d\u00e9claration des informations statistiques et fiscales relatives aux \u00e9changes intracommunautaires de biens, jusqu&rsquo;\u00e0 l\u00e0 reprises dans la D\u00e9claration d&rsquo;Echanges de Biens (\u00ab\u00a0DEB\u00a0\u00bb).<\/strong> Cette r\u00e9forme a fait suite \u00e0 l&rsquo;entr\u00e9e en vigueur d&rsquo;un nouveau r\u00e8glement relatif aux statistiques europ\u00e9ennes d&rsquo;entreprises, dit r\u00e8glement EBS pour European Business Statistics (r\u00e8glement (UE) 2019\/2152 du Parlement europ\u00e9en et du Conseil du 27 novembre 2019).<\/p>\n<h4 style=\"margin-top: 50px;\"><span style=\"color: #800000;\">ANCIENNES MODALITES DECLARATIVES <\/span>PAR L&rsquo;INTERMEDIAIRE DE LA DEB<\/h4>\n<p>Jusqu&rsquo;au 31 d\u00e9cembre 2021, la collecte des informations statistiques et des informations fiscales relatives au \u00e9changes intracommunautaires de biens \u00e9tait r\u00e9alis\u00e9e de mani\u00e8re centralis\u00e9e par l&rsquo;interm\u00e9diaire des DEB.<\/p>\n<p>Dans les grandes lignes, cette d\u00e9claration reprenait les informations relatives :<\/p>\n<ul>\n<li>aux achats et transferts de biens exp\u00e9di\u00e9s d&rsquo;un Etat membre de l&rsquo;Union Europ\u00e9enne (\u00ab\u00a0UE\u00a0\u00bb) vers la France (DEB \u00e0 d\u00e9poser au del\u00e0 d&rsquo;un seuil annuel de 460 000 \u20ac),<\/li>\n<li>aux livraisons ou transferts de biens exp\u00e9di\u00e9s depuis la France vers une entreprise ou un stock situ\u00e9 dans un autre Etat membre de l&rsquo;UE (DEB \u00e0 \u00e9tablir d\u00e8s les premi\u00e8res ventes).<\/li>\n<\/ul>\n<h4 style=\"margin-top: 50px;\"><span style=\"color: #800000;\">NOUVELLES MODALITES DECLARATIVES <\/span><span style=\"color: #800000;\"><span style=\"color: #333333;\">A COMPTER DE JANVIER 2022<\/span><\/span><\/h4>\n<p>La s\u00e9paration de la collecte des informations statistiques et des informations fiscales depuis le 1er janvier 2022, entra\u00eene l&rsquo;abrogation de la DEB et son remplacement par deux proc\u00e9dures distinctes :<\/p>\n<ul>\n<li><strong>L&rsquo;enqu\u00eate statistique sur les \u00e9changes de biens intra-UE :<\/strong><\/li>\n<\/ul>\n<p>Les douanes \u00e9tablissent chaque ann\u00e9e un \u00e9chantillon d&rsquo;entreprises qui devront r\u00e9pondre \u00e0 une enqu\u00eate statistique mensuelle. En cours d&rsquo;ann\u00e9e, un compl\u00e9ment d&rsquo;\u00e9chantillon est effectu\u00e9.<\/p>\n<p>Un courrier postal appel\u00e9 \u00ab\u00a0lettre avis\u00a0\u00bb sera envoy\u00e9 chaque ann\u00e9e par les douanes \u00e0 votre si\u00e8ge social si vous faite partie de l&rsquo;\u00e9chantillon, vous informant de votre obligation de r\u00e9pondre aux enqu\u00eates statistiques.<\/p>\n<ul>\n<li><strong>L&rsquo;\u00e9tat r\u00e9capitulatif TVA concernant les livraisons intra-UE depuis la France :<\/strong><\/li>\n<\/ul>\n<p>Les entreprises effectuant des livraisons ou transferts de biens exp\u00e9di\u00e9s depuis la France doivent d\u00e9clarer mensuellement les informations fiscales relatives \u00e0 ces exp\u00e9ditions (num\u00e9ro de TVA de l&rsquo;acqu\u00e9reur et chiffre d&rsquo;affaires).<\/p>\n<p>&nbsp;<\/p>\n<h4>que pouvons nous <span style=\"color: #800000;\">faire\u00a0pour vous ?<\/span><\/h4>\n<p><strong><span style=\"color: #800000;\">FOURNITURE<\/span><\/strong>\u00a0<span style=\"color: #800000;\"><strong>D&rsquo;UN MODELE<\/strong> <\/span>en vue de la collecte des informations pertinentes;<\/p>\n<p><span style=\"color: #800000;\"><b>EXAMEN DES FACTURES<\/b><\/span>\u00a0de vente et factures d&rsquo;achat \u00e0 l&rsquo;appui des op\u00e9rations;<\/p>\n<p><span style=\"color: #800000;\"><strong>PR\u00c9PARATION <\/strong><span style=\"color: #333333;\">e<\/span><\/span>t soumission <strong><span style=\"color: #800000;\">DES DECLARATIONS<\/span><\/strong>.<\/p>\n<p>&nbsp;<\/p>\n<p>&nbsp;<\/p>\n<p style=\"text-align: center;\"><strong>N\u2019h\u00e9sitez pas \u00e0 nous contacter pour toute assistance !<\/strong><\/p>\n<p style=\"text-align: center; margin-bottom: 50px;\"><a href=\"\/contact\/\" class=\"btn btn-theme btn-small\">Contactez-nous<\/a>\n<p style=\"text-align: center;\"><div style=\"height: 40px\"><\/div>\n                    <\/div>\r\n            \r\n        <section class=\"gravity-section\" style=\"height:autopx;\">\r\n                                <div class=\"gravity-section-background\"  style=\"background-color: #dd9933;\">\r\n                    <\/div>\r\n            \r\n    <div class=\"gravity-section-content\"><div class=\"google-map\" data-lat=\"48.8802626\" data-lng=\"2.2773509\" data-zoom=\"15\" data-title=\"localisation\" data-height=\"300\" data-color=\"\" data-saturation=\"-100\"><\/div>\n<\/div>\n                            \r\n        <\/section><!-- .gravity-section -->\r\n                    <div class=\"container\">\r\n                \r\n    <\/p>","protected":false},"excerpt":{"rendered":"<p>&nbsp; Depuis le 1er janvier 2022, des modifications ont \u00e9t\u00e9 apport\u00e9es aux modalit\u00e9s de d\u00e9claration des informations statistiques et fiscales relatives aux \u00e9changes intracommunautaires de biens, jusqu&rsquo;\u00e0 l\u00e0 reprises dans la D\u00e9claration d&rsquo;Echanges de Biens (\u00ab\u00a0DEB\u00a0\u00bb). Cette r\u00e9forme a fait suite \u00e0 l&rsquo;entr\u00e9e en vigueur d&rsquo;un nouveau r\u00e8glement relatif aux statistiques europ\u00e9ennes d&rsquo;entreprises, dit r\u00e8glement [&hellip;]<\/p>\n","protected":false},"author":1,"featured_media":0,"parent":12,"menu_order":0,"comment_status":"closed","ping_status":"closed","template":"","meta":{"footnotes":""},"class_list":["post-398","page","type-page","status-publish","hentry"],"_links":{"self":[{"href":"https:\/\/www.lrf.fr\/fr\/wp-json\/wp\/v2\/pages\/398","targetHints":{"allow":["GET"]}}],"collection":[{"href":"https:\/\/www.lrf.fr\/fr\/wp-json\/wp\/v2\/pages"}],"about":[{"href":"https:\/\/www.lrf.fr\/fr\/wp-json\/wp\/v2\/types\/page"}],"author":[{"embeddable":true,"href":"https:\/\/www.lrf.fr\/fr\/wp-json\/wp\/v2\/users\/1"}],"replies":[{"embeddable":true,"href":"https:\/\/www.lrf.fr\/fr\/wp-json\/wp\/v2\/comments?post=398"}],"version-history":[{"count":39,"href":"https:\/\/www.lrf.fr\/fr\/wp-json\/wp\/v2\/pages\/398\/revisions"}],"predecessor-version":[{"id":2974,"href":"https:\/\/www.lrf.fr\/fr\/wp-json\/wp\/v2\/pages\/398\/revisions\/2974"}],"up":[{"embeddable":true,"href":"https:\/\/www.lrf.fr\/fr\/wp-json\/wp\/v2\/pages\/12"}],"wp:attachment":[{"href":"https:\/\/www.lrf.fr\/fr\/wp-json\/wp\/v2\/media?parent=398"}],"curies":[{"name":"wp","href":"https:\/\/api.w.org\/{rel}","templated":true}]}}