


{"id":344,"date":"2016-08-17T16:57:13","date_gmt":"2016-08-17T14:57:13","guid":{"rendered":"http:\/\/www.lrf.fr\/?page_id=344"},"modified":"2024-07-04T13:44:09","modified_gmt":"2024-07-04T11:44:09","slug":"importationsachats-france-livraison-france","status":"publish","type":"page","link":"https:\/\/www.lrf.fr\/fr\/activites\/importations-achats-en-france-et-livraisons-en-france\/","title":{"rendered":"Importations\/Achats en France et livraisons en France"},"content":{"rendered":"<p>                    <\/div>\r\n            \r\n        <section class=\"gravity-section\" style=\"height:autopx;\">\r\n                                <div class=\"gravity-section-background\"  style=\"background-color: #dd9933;\">\r\n                    <\/div>\r\n            \r\n    <div class=\"gravity-section-content\"><p><img loading=\"lazy\" decoding=\"async\" class=\"aligncenter wp-image-111\" src=\"http:\/\/www.lrf.fr\/wp-content\/uploads\/2016\/08\/Importation-Achat-et-livraison-en-france_Act.jpg\" alt=\"Importation Achat et livraison en france_Act\" width=\"1200\" height=\"433\" srcset=\"https:\/\/www.lrf.fr\/wp-content\/uploads\/2016\/08\/Importation-Achat-et-livraison-en-france_Act.jpg 1029w, https:\/\/www.lrf.fr\/wp-content\/uploads\/2016\/08\/Importation-Achat-et-livraison-en-france_Act-300x108.jpg 300w, https:\/\/www.lrf.fr\/wp-content\/uploads\/2016\/08\/Importation-Achat-et-livraison-en-france_Act-768x277.jpg 768w\" sizes=\"auto, (max-width: 1200px) 100vw, 1200px\" \/><\/p>\n<\/div>\n                            \r\n        <\/section><!-- .gravity-section -->\r\n                    <div class=\"container\">\r\n                \r\n    \n                    <\/div>\r\n            \r\n        <section class=\"gravity-section\" style=\"padding-top:70px;padding-bottom:20px;\">\r\n                                <div class=\"gravity-section-background\" data-stellar-ratio=\"0.5\" style=\"background-image: url(http:\/\/www.lrf.fr\/wp-content\/uploads\/2016\/08\/livre-lunette.png);background-color: #ffffff;\">\r\n                    <\/div>\r\n            \r\n    <div class=\"gravity-section-content\"><div class=\"container\"><h4 style=\"text-align: justify;\"><strong>VOUS IMPORTEZ OU ACHETEZ DES BIENS EN FRANCE QUE VOUS REVENDEZ EN FRANCE<\/strong><\/h4>\n<h5 style=\"text-align: justify; margin-top: 50px;\"><span style=\"color: #999999;\"><strong>LA TVA EST-ELLE DUE SUR LES IMPORTATIONS ET LES ACHATS EN FRANCE ?<\/strong><\/span><\/h5>\n<p style=\"text-align: justify;\"><hr class=\"\" style=\"width:5%;margin-left:0;\">\n<p>Lorsque les marchandises sont exp\u00e9di\u00e9es au d\u00e9part d&rsquo;un pays tiers hors Union europ\u00e9enne pour \u00eatre livr\u00e9es \u00e0 un client dans l\u2019Union europ\u00e9enne sous l\u2019incoterm DDP (Delivery Duty Paid), le fournisseur supporte les co\u00fbts (frais de transport, droits per\u00e7us sur les marchandises par les autorit\u00e9s douani\u00e8res&#8230;). Le d\u00e9douanement donne lieu en principe au paiement de droits dus \u00e0 l&rsquo;importation dans le pays o\u00f9 les marchandises sont import\u00e9es.<\/p>\n<p style=\"text-align: justify;\"><strong>Attention, depuis le 1er janvier 2022, la TVA due lors de la mise \u00e0 la consommation en France de biens en provenance de pays hors Union Europ\u00e9enne, ne doit plus \u00eatre pay\u00e9e au moment du d\u00e9douanement en France. Elle doit obligatoirement \u00eatre auto-liquid\u00e9e <\/strong>(d\u00e9clar\u00e9e comme TVA due) sur les d\u00e9clarations de TVA fran\u00e7aises et est en principe d\u00e9duite dans la m\u00eame d\u00e9claration. Il s&rsquo;agit d&rsquo;un simple jeu d&rsquo;\u00e9criture et vous n&rsquo;avez donc plus d&rsquo;avance de tr\u00e9sorerie \u00e0 faire. <strong>Si vous envisagez d&rsquo;effectuer des importations en France, vous devez \u00eatre immatricul\u00e9 \u00e0 la TVA en France.<\/strong><\/p>\n<p style=\"text-align: justify;\">Lorsque les marchandises sont achet\u00e9es en France, la TVA fran\u00e7aise est factur\u00e9e par le fournisseur \u00e9tabli en France, si les marchandises sont livr\u00e9es en France.<\/p>\n<h5 style=\"text-align: justify; margin-top: 50px;\"><span style=\"color: #999999;\"><strong>POUVEZ-VOUS OBTENIR LE REMBOURSEMENT DE LA TVA PAYEE SUR LES ACHATS EN FRANCE ?<\/strong><\/span><\/h5>\n<p style=\"text-align: justify;\"><hr class=\"\" style=\"width:5%;margin-left:0;\">\n<p style=\"text-align: justify;\">Votre entreprise a g\u00e9n\u00e9ralement le droit d\u2019obtenir le remboursement de la TVA sur ses achats en France, quel que soit le lieu de son si\u00e8ge social ou \u00e9tablissement, sous r\u00e9serve des r\u00e8gles ordinaires de d\u00e9duction de la TVA.<\/p>\n<p style=\"text-align: justify;\"><strong>La TVA peut \u00eatre r\u00e9cup\u00e9r\u00e9e sous certaines conditions selon deux proc\u00e9dures diff\u00e9rentes :<\/strong><\/p>\n<ul>\n<li style=\"text-align: justify;\"><span style=\"text-decoration: underline;\">Si votre entreprise doit \u00eatre immatricul\u00e9e \u00e0 la TVA en France<\/span>, les demandes de remboursement de TVA sont faites en annexe aux d\u00e9clarations de TVA,<\/li>\n<li style=\"text-align: justify;\"><span style=\"text-decoration: underline;\">Si votre entreprise n&rsquo;a pas besoin d&rsquo;\u00eatre immatricul\u00e9e \u00e0 la TVA en France<\/span>, les demandes de remboursement de la TVA sont effectu\u00e9es comme suit, selon qu&rsquo;elle est \u00e9tablie au sein ou en dehors de l&rsquo;UE :\n<ul>\n<li><strong>Si elle est \u00e9tablie dans l&rsquo;UE,<\/strong> les demandes de remboursement de TVA peuvent \u00eatre soumises par votre entreprise ou par un mandataire sur le portail national des autorit\u00e9s fiscales de l\u2019Etat membre o\u00f9 elle est \u00e9tablie, au plus tard le 30 septembre de l&rsquo;ann\u00e9e civile suivant la date de facturation ou le paiement de la TVA, selon le cas.<\/li>\n<li><strong>Si elle est \u00e9tablie en dehors de l&rsquo;UE,<\/strong> par l&rsquo;interm\u00e9diaire d&rsquo;un repr\u00e9sentant fiscal \u00e9tabli en France, qui soumet la demande de remboursement de la TVA \u00e0 son nom dans le cadre de la proc\u00e9dure pr\u00e9vue par la 13<sup>e<\/sup> directive de la TVA 86\/560\/CE, au plus tard le 30 juin de la ann\u00e9e civile suivant la date de la facture ou du paiement de la TVA, selon le cas.<\/li>\n<\/ul>\n<\/li>\n<\/ul>\n<h5 style=\"margin-top: 50px;\"><span style=\"color: #999999;\"><strong>DEVEZ-VOUS \u00caTRE IMMATRICUL\u00c9 \u00c0 LA TVA EN FRANCE ?<\/strong><\/span><\/h5>\n<hr class=\"\" style=\"width:5%;margin-left:0;\">\n<p>Ventes de biens et livraison en France :<\/p>\n<p><span style=\"text-decoration: underline;\">1. Ventes \u00e0 des soci\u00e9t\u00e9s (B2B)<\/span><\/p>\n<ul style=\"text-align: justify;\">\n<li>Ventes \u00e0 des soci\u00e9t\u00e9s immatricul\u00e9es \u00e0 la TVA en France :<\/li>\n<\/ul>\n<p style=\"text-align: justify;\">Si votre entreprise n&rsquo;est pas \u00e9tablie en France et que le client \u00e0 qui elle revend les marchandises est une soci\u00e9t\u00e9 immatricul\u00e9e \u00e0 la TVA en France, elle doit le facturer sans TVA fran\u00e7aise. Le client devra auto-liquider la TVA.<\/p>\n<ul style=\"text-align: justify;\">\n<li>Ventes \u00e0 des soci\u00e9t\u00e9s non-immatricul\u00e9es \u00e0 la TVA en France\u00a0:<\/li>\n<\/ul>\n<p style=\"text-align: justify;\">Ces ventes doivent \u00eatre factur\u00e9es avec TVA fran\u00e7aise d\u00e8s lors que les biens sont livr\u00e9s en France. Votre entreprise doit de ce fait \u00eatre immatricul\u00e9e \u00e0 la TVA en France et \u00e9tablir des d\u00e9clarations de TVA afin de d\u00e9clarer et payer la TVA collect\u00e9e sur ses ventes, d\u00e9duction faite de la TVA pay\u00e9e sur ses achats en France.<\/p>\n<p style=\"text-align: justify;\"><span style=\"text-decoration: underline;\">2. Ventes \u00e0 des particuliers (B2C)<\/span><\/p>\n<p style=\"text-align: justify;\">Ces ventes doivent \u00eatre factur\u00e9es avec TVA fran\u00e7aise. Votre entreprise doit de ce fait \u00eatre immatricul\u00e9e \u00e0 la TVA en France et \u00e9tablir des d\u00e9clarations de TVA afin de d\u00e9clarer et payer la TVA collect\u00e9e sur ses ventes, d\u00e9duction faite de la TVA pay\u00e9e sur ses\u00a0 achats en France.<\/p>\n<p style=\"text-align: justify;\"><a href=\"\/vos-activites\/e-commerce-ventes-de-biens-a-particuliers\/\" class=\"btn btn-mediumgrey btn-small\">En Savoir Plus<\/a>\n<\/div><\/div>\n                            \r\n        <\/section><!-- .gravity-section -->\r\n                    <div class=\"container\">\r\n                \r\n    \n<h5><\/h5>\n<h4><\/h4>\n<h4 style=\"margin-top: 70px;\"><span style=\"color: #850911;\"><span style=\"color: #000000;\">QUE POUVONS-NOUS\u00a0<span style=\"color: #800000;\">FAIRE POUR VOUS ?<\/span><\/span><\/span><\/h4>\n<hr class=\"\" style=\"width:5%;margin-left:0;\">\n<div class=\"row  \"><div class=\"col-sm-6 col-lg-6 col-md-6 \">\n<p><span style=\"color: #800000;\"><strong>EVALUER VOS OBLIGATIONS<\/strong><\/span>\u00a0en mati\u00e8re de TVA r\u00e9sultant des op\u00e9rations que vous r\u00e9alisez en France,<\/p>\n<p><strong><span style=\"color: #800000;\">DEMANDER UN NUMERO DE TVA<\/span><\/strong>\u00a0en France,<\/p>\n<a href=\"\/demande-dimmatriculation-a-tva-france\/\" class=\"btn btn-theme btn-small\">En Savoir Plus<\/a>\n<p>&nbsp;<\/p>\n<p><span style=\"color: #800000;\"><strong>FOURNIR UN MODELE<\/strong><\/span>\u00a0de questionnaire pour la collecte des informations pertinentes aux fins des d\u00e9clarations de TVA p\u00e9riodiques,<\/p>\n<p><strong><span style=\"color: #800000;\">EXAMINER LES FACTURES<\/span><\/strong>\u00a0de vente et factures d&rsquo;achat \u00e0 l&rsquo;appui des op\u00e9rations,<\/p>\n<p><strong><span style=\"color: #800000;\">CONTR\u00d4LER LA COHERENCE<\/span><\/strong>\u00a0entre les achats et les ventes,<\/p>\n<p><span style=\"color: #800000;\"><strong>COMMUNIQUER LES ERREURS<\/strong><\/span>\u00a0identifi\u00e9es, et conseiller sur la fa\u00e7on de rem\u00e9dier aux probl\u00e8mes potentiels,<\/p>\n<p><strong><span style=\"color: #800000;\">ASSURER LA LIAISON<\/span><\/strong>\u00a0avec les fournisseurs et les transitaires pour suivre les actions de correction,<\/p>\n<p><strong><span style=\"color: #800000;\">ETABLIR LES DECLARATIONS DE TVA<\/span><\/strong>,<\/p>\n<a href=\"\/nos-services\/declarations-de-tva\/\" class=\"btn btn-theme btn-small\">En Savoir Plus<\/a>\n<\/div>\n<div class=\"col-sm-6 col-lg-6 col-md-6 \">\n<p><span style=\"color: #800000;\"><strong>SUIVRE TOUT PAIEMENT<\/strong><\/span>\u00a0de la TVA due ou \u00e0 recevoir par vous,<\/p>\n<p>Pr\u00e9parer et d\u00e9poser les <span style=\"color: #800000;\"><strong>DEMANDES DE REMBOURSEMENT DE LA TVA<\/strong> <\/span>sur les achats en France,<\/p>\n<a href=\"\/nos-services\/demandes-de-remboursement-de-tva\/\" class=\"btn btn-theme btn-small\">En Savoir Plus<\/a>\n<p>&nbsp;<\/p>\n<p>Agir comme <span style=\"color: #800000;\"><strong>REPRESENTANT FISCAL<\/strong><\/span> pour les soci\u00e9t\u00e9s \u00e9tablies dans un pays hors de l\u2019Union europ\u00e9enne n\u2019ayant pas conclu avec la France de convention d\u2019assistance administrative,<\/p>\n<a href=\"\/nos-services\/representation-fiscale\/\" class=\"btn btn-theme btn-small\">En savoir plus<\/a>\n<p>&nbsp;<\/p>\n<p>Aide \u00e0 la r\u00e9daction des <strong><span style=\"color: #800000;\">REPONSES AUX DEMANDES D&rsquo;INFORMATIONS DES AUTORITES FISCALES,<\/span><\/strong> pr\u00e9sence lors des contr\u00f4les fiscaux, liaison avec les avocats \u00e0 l&rsquo;occasion de litiges fiscaux, etc,<\/p>\n<p><span style=\"color: #800000;\"><strong>REUNION ANNUELLE<\/strong><\/span>\u00a0sur le suivi du dossier,<\/p>\n<p><strong><span style=\"color: #800000;\">VEILLE<\/span><\/strong>\u00a0<span style=\"color: #800000;\"><strong>REGLEMENTAIRE<\/strong><\/span> et examen des incidences sur vos obligations d\u00e9claratives,<\/p>\n<p><strong><span style=\"color: #800000;\">CONSEIL<\/span><\/strong>\u00a0ou service administratif (r\u00e9daction des factures, taux de TVA applicable, etc).<\/p>\n<\/div><\/div>\n<h4><\/h4>\n<p>&nbsp;<\/p>\n<p style=\"text-align: center;\"><strong>N\u2019h\u00e9sitez pas \u00e0 nous contacter pour toute assistance ou toute question\u00a0!<\/strong><\/p>\n<p style=\"text-align: center; margin-bottom: 50px;\"><a href=\"\/contact\/\" class=\"btn btn-theme btn-small\">Contactez-nous<\/a>\n<p style=\"text-align: center;\"><div style=\"height: 40px\"><\/div>\n                    <\/div>\r\n            \r\n        <section class=\"gravity-section\" style=\"height:autopx;\">\r\n                                <div class=\"gravity-section-background\"  style=\"background-color: #dd9933;\">\r\n                    <\/div>\r\n            \r\n    <div class=\"gravity-section-content\"><div class=\"google-map\" data-lat=\"48.8802626\" data-lng=\"2.2773509\" data-zoom=\"15\" data-title=\"localisation\" data-height=\"300\" data-color=\"\" data-saturation=\"-100\"><\/div>\n<\/div>\n                            \r\n        <\/section><!-- .gravity-section -->\r\n                    <div class=\"container\">\r\n                \r\n    <\/p>","protected":false},"excerpt":{"rendered":"<p>QUE POUVONS-NOUS\u00a0FAIRE POUR VOUS ? &nbsp; N\u2019h\u00e9sitez pas \u00e0 nous contacter pour toute assistance ou toute question\u00a0!<\/p>\n","protected":false},"author":1,"featured_media":0,"parent":169,"menu_order":0,"comment_status":"closed","ping_status":"closed","template":"","meta":{"footnotes":""},"class_list":["post-344","page","type-page","status-publish","hentry"],"_links":{"self":[{"href":"https:\/\/www.lrf.fr\/fr\/wp-json\/wp\/v2\/pages\/344","targetHints":{"allow":["GET"]}}],"collection":[{"href":"https:\/\/www.lrf.fr\/fr\/wp-json\/wp\/v2\/pages"}],"about":[{"href":"https:\/\/www.lrf.fr\/fr\/wp-json\/wp\/v2\/types\/page"}],"author":[{"embeddable":true,"href":"https:\/\/www.lrf.fr\/fr\/wp-json\/wp\/v2\/users\/1"}],"replies":[{"embeddable":true,"href":"https:\/\/www.lrf.fr\/fr\/wp-json\/wp\/v2\/comments?post=344"}],"version-history":[{"count":105,"href":"https:\/\/www.lrf.fr\/fr\/wp-json\/wp\/v2\/pages\/344\/revisions"}],"predecessor-version":[{"id":2960,"href":"https:\/\/www.lrf.fr\/fr\/wp-json\/wp\/v2\/pages\/344\/revisions\/2960"}],"up":[{"embeddable":true,"href":"https:\/\/www.lrf.fr\/fr\/wp-json\/wp\/v2\/pages\/169"}],"wp:attachment":[{"href":"https:\/\/www.lrf.fr\/fr\/wp-json\/wp\/v2\/media?parent=344"}],"curies":[{"name":"wp","href":"https:\/\/api.w.org\/{rel}","templated":true}]}}