


{"id":330,"date":"2016-08-17T16:50:22","date_gmt":"2016-08-17T14:50:22","guid":{"rendered":"http:\/\/www.lrf.fr\/?page_id=330"},"modified":"2020-12-09T14:54:52","modified_gmt":"2020-12-09T13:54:52","slug":"location-de-yachts-france","status":"publish","type":"page","link":"https:\/\/www.lrf.fr\/fr\/activites\/location-de-yachts-en-france\/","title":{"rendered":"Location de yachts en France"},"content":{"rendered":"<p>&nbsp;<\/p>\n<p style=\"text-align: left;\">                    <\/div>\r\n            \r\n        <section class=\"gravity-section\" style=\"height:autopx;\">\r\n                                <div class=\"gravity-section-background\"  style=\"background-color: #dd9933;\">\r\n                    <\/div>\r\n            \r\n    <div class=\"gravity-section-content\"><p><img loading=\"lazy\" decoding=\"async\" class=\"aligncenter wp-image-114\" src=\"http:\/\/www.lrf.fr\/wp-content\/uploads\/2016\/08\/Location-de-Yatchs_Act.jpg\" alt=\"Location de Yatchs_Act\" width=\"1200\" height=\"433\" srcset=\"https:\/\/www.lrf.fr\/wp-content\/uploads\/2016\/08\/Location-de-Yatchs_Act.jpg 1029w, https:\/\/www.lrf.fr\/wp-content\/uploads\/2016\/08\/Location-de-Yatchs_Act-300x108.jpg 300w, https:\/\/www.lrf.fr\/wp-content\/uploads\/2016\/08\/Location-de-Yatchs_Act-768x277.jpg 768w\" sizes=\"auto, (max-width: 1200px) 100vw, 1200px\" \/><\/p>\n<p style=\"text-align: left;\">\n<\/div>\n                            \r\n        <\/section><!-- .gravity-section -->\r\n                    <div class=\"container\">\r\n                \r\n    \n<p style=\"text-align: left;\">                    <\/div>\r\n            \r\n        <section class=\"gravity-section\" style=\"padding-top:70px;padding-bottom:20px;\">\r\n                                <div class=\"gravity-section-background\" data-stellar-ratio=\"0.5\" style=\"background-image: url(http:\/\/www.lrf.fr\/wp-content\/uploads\/2016\/08\/livre-lunette.png);background-color: #ffffff;\">\r\n                    <\/div>\r\n            \r\n    <div class=\"gravity-section-content\"><div class=\"container\"><h4 style=\"text-align: left;\"><strong>Vous donnez en location un bateau au d\u00e9part d\u2019un port fran\u00e7ais \u00e0 des fins de voyage d\u2019agr\u00e9meNT<\/strong><\/h4>\n<p>&nbsp;<\/p>\n<h5 style=\"text-align: justify;\"><span style=\"color: #999999;\"><strong>DEVEZ-VOUS FACTURER LA TVA ?<\/strong><\/span><\/h5>\n<hr class=\"\" style=\"width:5%;margin-left:0;\">\n<p style=\"text-align: justify;\">Sont exon\u00e9r\u00e9es de TVA les op\u00e9rations de livraison, de r\u00e9paration, de transformation, d\u2019entretien, d\u2019affr\u00e8tement, location, avitaillement portant sur les navires de commerce maritime affect\u00e9s \u00e0 la navigation en haute mer, les navires utilis\u00e9s pour une activit\u00e9 industrielle en haute mer, les navires affect\u00e9s \u00e0 la p\u00eache professionnelle maritime et les navires de sauvetage et d\u2019assistance en mer.<br \/>\nCependant, depuis le 15 juillet 2013, l\u2019exon\u00e9ration ne s\u2019applique plus aux op\u00e9rations de location et d\u2019affr\u00e8tement qui consistent, contre r\u00e9mun\u00e9ration, \u00e0 mettre un navire avec ou sans \u00e9quipage, \u00e0 la disposition de personnes <u>\u00e0 des fins de voyages d\u2019agr\u00e9ment,<\/u> y compris lorsque ce voyage se d\u00e9roule en haute mer.<br \/>\nLes prestations de location et d\u2019affr\u00e8tement effectu\u00e9es pour les besoins de voyages d\u2019agr\u00e9ment sont donc soumises \u00e0 la TVA selon les r\u00e8gles d\u00e9termin\u00e9es pour les besoins des navires de plaisance \u00e0 usage priv\u00e9.<br \/>\nLes locations de courte dur\u00e9e (inf\u00e9rieures \u00e0 90 jours) de bateaux de plaisance au d\u00e9part de ports fran\u00e7ais (y compris au d\u00e9part de la Martinique, Guadeloupe et de La R\u00e9union) doivent \u00eatre factur\u00e9es avec TVA fran\u00e7aise.<\/p>\n<p style=\"text-align: justify;\">Une note de l&rsquo;administration fiscale, publi\u00e9e le 6 novembre 2020, avec effet r\u00e9troactif au 1er novembre, modifie le mode de calcul de la TVA sur les charters \u00e0 court terme, en fonction du temps pass\u00e9 dans\/hors des eaux territoriales communautaires.\u00a0Pour les navires \u00e9quip\u00e9s de syst\u00e8mes d&rsquo;information automatique, les donn\u00e9es AIS constituent le principal moyen de preuve accept\u00e9 par l&rsquo;Administration. Pour les navires non \u00e9quip\u00e9s d&rsquo;AIS, une distinction doit \u00eatre faite en fonction de la longueur hors tout du navire.\u00a0Cette r\u00e8gle s&rsquo;applique uniquement aux contrats de location proprement dit. Elle ne s&rsquo;applique pas aux contrats de transport de passagers dont le r\u00e9gime TVA est diff\u00e9rent.<\/p>\n<h5 style=\"text-align: justify; margin-top: 50px;\"><span style=\"color: #999999;\"><strong>DEVEZ-VOUS ETRE IMMATRICULE A LA TVA ?<\/strong><\/span><\/h5>\n<p style=\"text-align: justify;\"><hr class=\"\" style=\"width:5%;margin-left:0;\">\n<p style=\"text-align: justify;\">Si votre soci\u00e9t\u00e9 effectue ce type d\u2019activit\u00e9 de location elle doit \u00eatre immatricul\u00e9e \u00e0 la TVA en France afin de d\u00e9clarer et reverser la TVA collect\u00e9e.<\/p>\n<p style=\"text-align: justify;\">Si elle est \u00e9tablie dans un pays hors de l\u2019Union Europ\u00e9enne n\u2019ayant pas conclu avec la France de convention d\u2019assistance administrative elle doit en outre d\u00e9signer un repr\u00e9sentant fiscal.<\/p>\n<h5 style=\"margin-top: 50px;\"><span style=\"color: #999999;\"><strong>Quels sont les navires de commerce maritime \u00e9ligibles\u00a0\u00e0 l\u2019exon\u00e9ration de TVA sur leurs achats\u00a0?<\/strong><\/span><\/h5>\n<p style=\"text-align: justify;\"><hr class=\"\" style=\"width:5%;margin-left:0;\">\n<p style=\"text-align: justify;\">Les navires d\u2019une longueur sup\u00e9rieure ou \u00e9gale \u00e0 15 m\u00e8tres sont \u00e9ligibles \u00e0 l\u2019exon\u00e9ration lorsqu\u2019ils remplissent les crit\u00e8res suivants pour l&rsquo;ann\u00e9e civile pr\u00e9c\u00e9dente :<\/p>\n<p>\u009f\u00catre inscrits comme navire de commerce sur un registre commercial dans ou hors de France.<br \/>\n\u00catre dot\u00e9s d\u2019un \u00e9quipage permanent.<br \/>\n\u00catre affect\u00e9s exclusivement \u00e0 des fins commerciales (location).<br \/>\nEffectuer au moins 70% de l&rsquo;ensemble de leur navigation en dehors des eaux territoriales nationales.<\/p>\n<h5 style=\"text-align: justify; margin-top: 50px;\"><span style=\"color: #999999;\"><strong>QUE\u00a0SIGNIFIE\u00a0LE POURCENTAGE DE 70%\u00a0?<\/strong><\/span><\/h5>\n<p style=\"text-align: justify;\"><hr class=\"\" style=\"width:5%;margin-left:0;\">\n<p style=\"text-align: justify;\">Ce pourcentage r\u00e9sulte du rapport entre :<\/p>\n<ol style=\"text-align: justify;\">\n<li>\u00a0Le nombre de voyages au cours desquels le bateau navigue sur les eaux territoriales fran\u00e7aises durant\u00a0l&rsquo;ann\u00e9e civile pr\u00e9c\u00e9dant l&rsquo;ann\u00e9e d&rsquo;application de l&rsquo;exon\u00e9ration de la TVA et<\/li>\n<li>\u00a0Tous les d\u00e9placements effectu\u00e9s au cours de la m\u00eame p\u00e9riode.<\/li>\n<\/ol>\n<h5 style=\"text-align: justify; margin-top: 50px;\"><span style=\"color: #999999;\"><strong>COMMENT PROUVER\u00a0QUE LE CRIT\u00c8RE\u00a0DE 70% EST ATTEINT ?<\/strong><\/span><\/h5>\n<p style=\"text-align: justify;\"><hr class=\"\" style=\"width:5%;margin-left:0;\">\n<p style=\"text-align: justify;\">Le pourcentage doit \u00eatre justifi\u00e9 par tout moyen, tel que le journal de bord ou des informations du syst\u00e8me de navigation et instruments\u00a0 de localisation (relev\u00e9 de position GPS, impression de trajectoire, trace AIS) du navire.\u00a0Enfin, l&rsquo;exon\u00e9ration n\u2019est susceptible de s\u2019appliquer que si les sorties en mer constituent l\u2019activit\u00e9 principale du navire par rapport \u00e0 son activit\u00e9 \u00e0 quai.<\/p>\n<\/div><\/div>\n                            \r\n        <\/section><!-- .gravity-section -->\r\n                    <div class=\"container\">\r\n                \r\n    \n<p>&nbsp;<\/p>\n<h4 style=\"text-align: justify;\">QUE POUVONS-NOUS <span style=\"color: #850911;\">FAIRE POUR VOUS ?<\/span><\/h4>\n<p style=\"text-align: justify;\"><hr class=\"\" style=\"width:5%;margin-left:0;\">\n<p style=\"text-align: justify;\"><div class=\"row  \"><div class=\"col-sm-6 col-lg-6 col-md-6 \">\n<p style=\"text-align: justify;\"><span style=\"color: #800000;\"><strong>EVALUER VOS OBLIGATIONS<\/strong><\/span>\u00a0en mati\u00e8re de TVA r\u00e9sultant des op\u00e9rations que vous r\u00e9alisez en France.<\/p>\n<p style=\"text-align: justify;\"><strong><span style=\"color: #800000;\">DEMANDER UN NUMERO DE TVA\u00a0<\/span><\/strong>en France,\u00a0ou \u00e9ventuellement dans d\u2019autres Etats membres de l\u2019Union Europ\u00e9enne \u00a0selon le cas (*).<\/p>\n<p style=\"text-align: justify;\"><a href=\"\/nos-services\/demande-dimmatriculation-a-tva-france\/\" class=\"btn btn-theme btn-small\">En savoir plus<\/a>\n<p style=\"text-align: justify;\"><span style=\"color: #800000;\"><strong>FOURNIR UN MODELE<\/strong><\/span>\u00a0de questionnaire pour la collecte des informations pertinentes aux fins des d\u00e9clarations de TVA p\u00e9riodiques.<\/p>\n<p style=\"text-align: justify;\"><span style=\"color: #800000;\"><strong>EXAMINER LES FACTURES<\/strong><\/span>\u00a0de vente et factures d&rsquo;achat \u00e0 l&rsquo;appui des op\u00e9rations.<\/p>\n<p style=\"text-align: justify;\"><span style=\"color: #800000;\"><strong>COMMUNIQUER LES ERREURS<\/strong><\/span>\u00a0identifi\u00e9es, et conseiller sur la fa\u00e7on de rem\u00e9dier aux probl\u00e8mes potentiels.<\/p>\n<p style=\"text-align: justify;\"><strong><span style=\"color: #800000;\">ETABLIR LES DECLARATIONS DE TVA<\/span><\/strong><\/p>\n<p style=\"text-align: justify;\"><a href=\"\/nos-services\/declarations-de-tva\/\" class=\"btn btn-theme btn-small\">En savoir plus<\/a>\n<p style=\"text-align: justify;\"><\/div>\n<p style=\"text-align: justify;\"><div class=\"col-sm-6 col-lg-6 col-md-6 \">\n<p style=\"text-align: justify;\">Suivre tout <strong><span style=\"color: #800000;\">PAIEMENT DE LA TVA<\/span><\/strong> due ou \u00e0 recevoir par vous.<\/p>\n<p style=\"text-align: justify;\">Pr\u00e9parer et d\u00e9poser<strong>\u00a0<\/strong>les <strong><span style=\"color: #800000;\">DEMANDES DE REMBOURSEMENT DE LA TVA<\/span> <\/strong>sur les d\u00e9penses de biens et services utilis\u00e9s pour les op\u00e9rations d&rsquo;affr\u00e8tement.<\/p>\n<p style=\"text-align: justify;\"><a href=\"\/nos-services\/demandes-de-remboursement-de-tva\/\" class=\"btn btn-theme btn-small\">En savoir plus<\/a>\n<p style=\"text-align: justify;\">Agir<strong>\u00a0<\/strong>comme <span style=\"color: #800000;\"><strong>REPRESENTANT FISCAL<\/strong><\/span> pour le compte des soci\u00e9t\u00e9s \u00e9tablies hors de l\u2019Union europ\u00e9enne n\u2019ayant pas conclu avec la France de convention d\u2019assistance administrative, ou comme simple <strong><span style=\"color: #800000;\">MANDATAIRE<\/span><\/strong> fiscal pour le compte des soci\u00e9t\u00e9s \u00e9tablies dans l\u2019Union Europ\u00e9enne.<\/p>\n<p style=\"text-align: justify;\"><a href=\"\/nos-services\/representation-fiscale\/\" class=\"btn btn-theme btn-small\">En savoir plus<\/a>\n<p style=\"text-align: justify;\">Aide \u00e0 la r\u00e9daction des<span style=\"color: #800000;\"><strong> REPONSES AUX DEMANDES D&rsquo;INFORMATIONS DES AUTORITES FISCALES<\/strong><\/span>, pr\u00e9sence lors des contr\u00f4les fiscaux, liaison avec les avocats \u00e0 l&rsquo;occasion de litiges fiscaux, etc.<\/p>\n<p style=\"text-align: justify;\"><span style=\"color: #800000;\"><strong>R\u00c9UNION ANNUELLE\u00a0<\/strong><\/span>sur le suivi du dossier.<\/p>\n<p style=\"text-align: justify;\"><strong><span style=\"color: #800000;\">VEILLE REGLEMENTAIRE<\/span><\/strong>\u00a0et examen des incidences sur vos obligations d\u00e9claratives.<\/p>\n<p style=\"text-align: justify;\"><span style=\"color: #800000;\"><strong>CONSEIL<\/strong><\/span>\u00a0ou service administratif (r\u00e9daction des factures, taux de TVA applicable, etc).<\/p>\n<\/div><\/div>\n<hr class=\"dotted\" >\n<p style=\"text-align: left;\">(*)\u00a0<strong>En cas d\u2019immatriculation \u00e0 la TVA dans plusieurs pays de l\u2019Union Europ\u00e9enne (Italie, Croatie, Espagne), nos partenaires europ\u00e9ens de Tax Representatives Alliance (TRA) peuvent vous accompagner en vous offrant:<\/strong><\/p>\n<p style=\"text-align: left;\"><strong>\u00a0Une assistance \u00e0 l&rsquo;enregistrement \u00e0 la TVA<\/strong> et aux formalit\u00e9s d\u00e9claratives et de paiement de la TVA.<\/p>\n<p style=\"text-align: left;\"><strong>\u00a0Un seul contact<\/strong>, le gestionnaire de la relation client, qui coordonnera les formalit\u00e9s avec nos correspondants dans les diff\u00e9rents pays.<\/p>\n<p style=\"text-align: left;\"><strong>\u00a0Un acc\u00e8s en ligne \u00e0 l\u2019extranet de TRA<\/strong> vous permettant de d\u00e9poser et t\u00e9l\u00e9charger des documents et des donn\u00e9es.<\/p>\n<p style=\"text-align: left;\"><strong>\u00a0<\/strong><a href=\"\/tax-representative-alliance\/\" class=\"btn btn-theme btn-small\">En Savoir Plus<\/a>\n<p style=\"text-align: center; margin-top: 70px;\"><strong>N\u2019h\u00e9sitez pas \u00e0 nous contacter pour toute assistance ou toute question\u00a0!<\/strong><\/p>\n<p style=\"text-align: center; margin-bottom: 50px;\"><a href=\"\/contact\/\" class=\"btn btn-theme btn-small\">Contactez-nous<\/a>\n<p style=\"text-align: center;\"><div style=\"height: 40px\"><\/div>\n                    <\/div>\r\n            \r\n        <section class=\"gravity-section\" style=\"height:autopx;\">\r\n                                <div class=\"gravity-section-background\"  style=\"background-color: #dd9933;\">\r\n                    <\/div>\r\n            \r\n    <div class=\"gravity-section-content\"><div class=\"google-map\" data-lat=\"48.8802626\" data-lng=\"2.2773509\" data-zoom=\"15\" data-title=\"localisation\" data-height=\"300\" data-color=\"\" data-saturation=\"-100\"><\/div>\n<\/div>\n                            \r\n        <\/section><!-- .gravity-section -->\r\n                    <div class=\"container\">\r\n                \r\n    <\/p>","protected":false},"excerpt":{"rendered":"<p>&nbsp; &nbsp; QUE POUVONS-NOUS FAIRE POUR VOUS ? (*)\u00a0En cas d\u2019immatriculation \u00e0 la TVA dans plusieurs pays de l\u2019Union Europ\u00e9enne (Italie, Croatie, Espagne), nos partenaires europ\u00e9ens de Tax Representatives Alliance (TRA) peuvent vous accompagner en vous offrant: \u00a0Une assistance \u00e0 l&rsquo;enregistrement \u00e0 la TVA et aux formalit\u00e9s d\u00e9claratives et de paiement de la TVA. \u00a0Un [&hellip;]<\/p>\n","protected":false},"author":1,"featured_media":0,"parent":169,"menu_order":0,"comment_status":"closed","ping_status":"closed","template":"","meta":{"footnotes":""},"class_list":["post-330","page","type-page","status-publish","hentry"],"_links":{"self":[{"href":"https:\/\/www.lrf.fr\/fr\/wp-json\/wp\/v2\/pages\/330","targetHints":{"allow":["GET"]}}],"collection":[{"href":"https:\/\/www.lrf.fr\/fr\/wp-json\/wp\/v2\/pages"}],"about":[{"href":"https:\/\/www.lrf.fr\/fr\/wp-json\/wp\/v2\/types\/page"}],"author":[{"embeddable":true,"href":"https:\/\/www.lrf.fr\/fr\/wp-json\/wp\/v2\/users\/1"}],"replies":[{"embeddable":true,"href":"https:\/\/www.lrf.fr\/fr\/wp-json\/wp\/v2\/comments?post=330"}],"version-history":[{"count":88,"href":"https:\/\/www.lrf.fr\/fr\/wp-json\/wp\/v2\/pages\/330\/revisions"}],"predecessor-version":[{"id":2852,"href":"https:\/\/www.lrf.fr\/fr\/wp-json\/wp\/v2\/pages\/330\/revisions\/2852"}],"up":[{"embeddable":true,"href":"https:\/\/www.lrf.fr\/fr\/wp-json\/wp\/v2\/pages\/169"}],"wp:attachment":[{"href":"https:\/\/www.lrf.fr\/fr\/wp-json\/wp\/v2\/media?parent=330"}],"curies":[{"name":"wp","href":"https:\/\/api.w.org\/{rel}","templated":true}]}}