


{"id":317,"date":"2016-08-17T16:24:33","date_gmt":"2016-08-17T14:24:33","guid":{"rendered":"http:\/\/www.lrf.fr\/?page_id=317"},"modified":"2024-07-04T13:37:12","modified_gmt":"2024-07-04T11:37:12","slug":"e-commerce-ventes-de-biens-a-particuliers","status":"publish","type":"page","link":"https:\/\/www.lrf.fr\/fr\/activites\/e-commerce-ventes-de-biens-a-des-particuliers\/","title":{"rendered":"E-commerce-Ventes de biens \u00e0 des particuliers europ\u00e9ens"},"content":{"rendered":"<p>                    <\/div>\r\n            \r\n        <section class=\"gravity-section\" style=\"height:autopx;\">\r\n                                <div class=\"gravity-section-background\"  style=\"background-color: #dd9933;\">\r\n                    <\/div>\r\n            \r\n    <div class=\"gravity-section-content\"><p><img loading=\"lazy\" decoding=\"async\" class=\"top-image aligncenter wp-image-1017 size-full\" src=\"http:\/\/www.lrf.fr\/wp-content\/uploads\/2016\/08\/Ecommerce-vente-de-biens-a-des-partic_Act-copie.jpg\" width=\"1029\" height=\"371\" srcset=\"https:\/\/www.lrf.fr\/wp-content\/uploads\/2016\/08\/Ecommerce-vente-de-biens-a-des-partic_Act-copie.jpg 1029w, https:\/\/www.lrf.fr\/wp-content\/uploads\/2016\/08\/Ecommerce-vente-de-biens-a-des-partic_Act-copie-300x108.jpg 300w, https:\/\/www.lrf.fr\/wp-content\/uploads\/2016\/08\/Ecommerce-vente-de-biens-a-des-partic_Act-copie-768x277.jpg 768w\" sizes=\"auto, (max-width: 1029px) 100vw, 1029px\" \/><\/p>\n<\/div>\n                            \r\n        <\/section><!-- .gravity-section -->\r\n                    <div class=\"container\">\r\n                \r\n    \n                    <\/div>\r\n            \r\n        <section class=\"gravity-section\" style=\"padding-top:70px;padding-bottom:20px;\">\r\n                                <div class=\"gravity-section-background\" data-stellar-ratio=\"0.5\" style=\"background-image: url(http:\/\/www.lrf.fr\/wp-content\/uploads\/2016\/08\/livre-lunette.png);background-color: #ffffff;\">\r\n                    <\/div>\r\n            \r\n    <div class=\"gravity-section-content\"><div class=\"container\"><h4><strong>REGLES APPLICABLES\u00a0<\/strong><\/h4>\n<hr class=\"\" style=\"width:15%;margin-left:0;\">\n<p>Que votre soci\u00e9t\u00e9 soit \u00e9tablie dans ou hors de l&rsquo;Union Europ\u00e9enne, elle a le choix entre plusieurs proc\u00e9dures :<\/p>\n<ul>\n<li><strong>Etre immatricul\u00e9e \u00e0 la TVA dans chaque pays o\u00f9 elle effectue des ventes<\/strong> et y \u00e9tablir des d\u00e9clarations de TVA ;<\/li>\n<li><strong>Utiliser le r\u00e9gime du Guichet Unique dans un Etat membre de l&rsquo;Union Europ\u00e9enne<\/strong>, ce qui lui permet, lorsqu&rsquo;elle livre des biens \u00e0 des particuliers situ\u00e9s dans un Etat membre de l&rsquo;Union Europ\u00e9enne, d&rsquo;effectuer dans le pays du guichet unique, en une seule fois, les d\u00e9clarations de TVA de tous les pays o\u00f9 elle effectue des ventes. Ce syst\u00e8me lui permet \u00e9galement de n&rsquo;effectuer qu&rsquo;un seul virement, dans le pays d&rsquo;enregistrement au guichet unique, du montant total de TVA \u00e0 reverser pour l&rsquo;ensemble des pays. Le guichet unique peut permettre de r\u00e9duire les co\u00fbts administratifs dans le cas o\u00f9 le fournisseur ou l&rsquo;interface \u00e9lectronique a des obligations d\u00e9claratives et de paiement dans plusieurs Etats membres de l&rsquo;Union Europ\u00e9enne. Mais il convient n\u00e9anmoins d&rsquo;analyser la situation au cas par cas au vu de certaines contraintes de ce r\u00e9gime, notamment concernant la gestion des demandes de remboursement de cr\u00e9dit de TVA et de la n\u00e9cessit\u00e9 de maintenir une immatriculation \u00e0 la TVA dans certains cas.<\/li>\n<\/ul>\n<h5><\/h5>\n<h5><span style=\"color: #999999;\"><strong>GUICHET UNIQUE UE :<\/strong><\/span><\/h5>\n<p>Il peut \u00eatre utilis\u00e9 pour les op\u00e9rations suivantes :<\/p>\n<ul>\n<li><strong>Ventes \u00e0 distance intracommunautaires de biens<\/strong> livr\u00e9s \u00e0 des particuliers situ\u00e9s dans un Etat membre de l&rsquo;Union Europ\u00e9enne, effectu\u00e9es par des fournisseurs et des entreprises facilitant les livraisons par l&rsquo;utilisation d&rsquo;une interface \u00e9lectronique, \u00e9tablis ou non dans un Etat membre de l&rsquo;Union Europ\u00e9enne ;<\/li>\n<li>Ventes locales de biens livr\u00e9s \u00e0 des particuliers situ\u00e9s dans un Etat membre de l&rsquo;Union Europ\u00e9enne, effectu\u00e9es par des plateformes facilitant les livraisons par l&rsquo;utilisation d&rsquo;une interface \u00e9lectronique, \u00e9tablies ou non dans un Etat membre de l&rsquo;Union Europ\u00e9enne.<\/li>\n<\/ul>\n<h5><\/h5>\n<h5><span style=\"color: #999999;\"><strong>GUICHET UNIQUE pour les importations :<\/strong><\/span><\/h5>\n<p>Il peut \u00eatre utilis\u00e9 pour les <strong>ventes \u00e0 distance de biens non soumis \u00e0 accises, import\u00e9s directement de territoires tiers ou de pays tiers<\/strong> (non membres de l&rsquo;Union Europ\u00e9enne), <strong>d&rsquo;une valeur intrins\u00e8que n&rsquo;exc\u00e9dant pas 150 \u20ac par colis,<\/strong> par des fournisseurs et des entreprises facilitant les livraisons par l&rsquo;utilisation d&rsquo;une interface \u00e9lectronique, \u00e9tablis ou non dans un Etat membre de l&rsquo;Union Europ\u00e9enne.<\/p>\n<p style=\"text-align: justify;\">\n<\/div><\/div>\n                            \r\n        <\/section><!-- .gravity-section -->\r\n                    <div class=\"container\">\r\n                \r\n    \n<h4><\/h4>\n<h4>QUE POUVONS-NOUS <span style=\"color: #850911;\">FAIRE POUR VOUS ?<\/span><\/h4>\n<hr class=\"\" style=\"width:5%;margin-left:0;\">\n<div class=\"row  \"><div class=\"col-sm-6 col-lg-6 col-md-6 \">\n<p><strong><span style=\"color: #800000;\">EVALUER LES DIFFERENTES POSSIBILITES DE DECLARATIONS \/ IMMATRICULATIONS<\/span><\/strong> et les obligations en mati\u00e8re de TVA en r\u00e9sultant.<\/p>\n<p><strong><span style=\"color: #800000;\">DEMANDER UN NUMERO DE TVA<\/span><\/strong>\u00a0en France,\u00a0ou \u00e9ventuellement dans d\u2019autres Etats membres de l\u2019Union Europ\u00e9enne \u00a0selon le cas (*).<\/p>\n<a href=\"\/nos-services\/demande-dimmatriculation-a-tva-france\/\" class=\"btn btn-theme btn-small\">En savoir plus<\/a>\n<p>&nbsp;<\/p>\n<p><strong><span style=\"color: #800000;\">DEMANDER UN NUMERO DE TVA AU GUICHET UNIQUE<\/span><\/strong><\/p>\n<p><strong><span style=\"color: #800000;\">FOURNIR DES MODELES<\/span><\/strong> pour la collecte des informations pertinentes aux fins des d\u00e9clarations de TVA p\u00e9riodiques et des registres obligatoires.<\/p>\n<p><strong><span style=\"color: #800000;\">\u00c9TABLIR LES DECLARATIONS DE TVA<\/span><\/strong><\/p>\n<a href=\"\/nos-services\/declarations-de-tva\/\" class=\"btn btn-theme btn-small\">En savoir plus<\/a>\n<p>&nbsp;<\/p>\n<p><span style=\"color: #800000;\"><strong>SUIVRE TOUT PAIEMENT<\/strong><\/span>\u00a0de la TVA due ou \u00e0 recevoir par vous.<\/p>\n<\/div>\n<div class=\"col-sm-6 col-lg-6 col-md-6 \">\n<p><span style=\"color: #800000;\"><strong>PR\u00c9PARER ET D\u00c9POSER LES DEMANDES DE REMBOURSEMENT DE TVA<\/strong><\/span>\u00a0sur les d\u00e9penses professionnelles de biens et services.<\/p>\n<a href=\"\/nos-services\/demandes-de-remboursement-de-tva\/\" class=\"btn btn-theme btn-small\">En savoir plus<\/a>\n<p>&nbsp;<\/p>\n<p><span style=\"color: #333333;\">Agir<\/span><strong>\u00a0<\/strong>comme<span style=\"color: #800000;\"><strong> REPRESENTANT FISCAL<\/strong><\/span> pour le compte des soci\u00e9t\u00e9s \u00e9tablies <span style=\"color: #808080;\">dans un pays<\/span> hors de l\u2019Union europ\u00e9enne n\u2019ayant pas conclu avec la France de convention d\u2019assistance administrative, ou comme simple <strong><span style=\"color: #800000;\">MANDATAIRE<\/span><\/strong> fiscal pour le compte des soci\u00e9t\u00e9s \u00e9tablies dans l\u2019Union Europ\u00e9enne.<\/p>\n<a href=\"\/nos-services\/representation-fiscale\/\" class=\"btn btn-theme btn-small\">En savoir plus<\/a>\n<p>&nbsp;<\/p>\n<p><span style=\"color: #333333;\">Agir<\/span><strong>\u00a0<\/strong>comme<span style=\"color: #800000;\"><strong><span style=\"color: #800000;\"> INTERMEDIAIRE <\/span><\/strong><span style=\"color: #333333;\">pour le compte des soci\u00e9t\u00e9s \u00e9tablies dans un pays hors de l&rsquo;Union Europ\u00e9enne n&rsquo;ayant pas conclu avec la France de convention d&rsquo;assistance administrative,<\/span><\/span><\/p>\n<p><span style=\"color: #333333;\">Aide\u00a0<\/span>\u00e0 la r\u00e9daction des <span style=\"color: #800000;\"><strong>REPONSES AUX DEMANDES D&rsquo;INFORMATIONS DES AUTORITES FISCALES<\/strong><\/span>, pr\u00e9sence lors des contr\u00f4les fiscaux, liaison avec les avocats \u00e0 l&rsquo;occasion de litiges fiscaux, etc.<\/p>\n<p><span style=\"color: #800000;\"><strong>R\u00c9UNION ANNUELLE<\/strong><\/span>\u00a0sur le suivi du dossier.<\/p>\n<p><span style=\"color: #800000;\"><strong>VEILLE R\u00c9GLEMENTAIRE<\/strong><\/span>\u00a0et examen des incidences sur vos obligations d\u00e9claratives.<\/p>\n<p><span style=\"color: #800000;\"><strong>CONSEIL <\/strong><span style=\"color: #333333;\">ou service administratif<\/span><\/span><span style=\"color: #333333;\">\u00a0<\/span>(r\u00e9daction des factures, taux de TVA applicable, etc).<\/p>\n<\/div><\/div>\n<hr class=\"dotted\" >\n<p style=\"text-align: left;\"><strong>(*)\u00a0En cas d\u2019immatriculation \u00e0 la TVA dans plusieurs pays de l\u2019Union Europ\u00e9enne, nos partenaires europ\u00e9ens de Tax Representatives Alliance (TRA)\u00a0<\/strong><strong>peuvent vous accompagner en vous offrant:<\/strong><\/p>\n<ul>\n<li style=\"text-align: left;\"><strong>Une assistance \u00e0 l&rsquo;enregistrement \u00e0 la TVA<\/strong> et aux formalit\u00e9s d\u00e9claratives et de paiement de la TVA.<\/li>\n<li style=\"text-align: left;\"><strong>Un seul contact<\/strong>, le gestionnaire de la relation client, qui coordonnera les formalit\u00e9s avec nos correspondants dans les diff\u00e9rents pays.<\/li>\n<li style=\"text-align: left;\"><strong>Un acc\u00e8s en ligne \u00e0 l\u2019extranet de TRA<\/strong> vous permettant de d\u00e9poser et t\u00e9l\u00e9charger des documents et des donn\u00e9es.<\/li>\n<\/ul>\n<p style=\"text-align: left;\"><strong>\u00a0<\/strong><a href=\"\/tax-representative-alliance\/\" class=\"btn btn-theme btn-small\">En Savoir Plus<\/a>\n<p style=\"text-align: center; margin-top: 70px;\"><strong>N\u2019h\u00e9sitez pas \u00e0 nous contacter pour toute assistance ou toute question\u00a0!<\/strong><\/p>\n<p style=\"text-align: center; margin-bottom: 70px;\"><a href=\"\/contact\/\" class=\"btn btn-theme btn-small\">Contactez-nous<\/a>\n<p style=\"text-align: center;\"><div style=\"height: 40px\"><\/div>\n                    <\/div>\r\n            \r\n        <section class=\"gravity-section\" style=\"height:autopx;\">\r\n                                <div class=\"gravity-section-background\"  style=\"background-color: #dd9933;\">\r\n                    <\/div>\r\n            \r\n    <div class=\"gravity-section-content\"><div class=\"google-map\" data-lat=\"48.8802626\" data-lng=\"2.2773509\" data-zoom=\"15\" data-title=\"localisation\" data-height=\"300\" data-color=\"\" data-saturation=\"-100\"><\/div>\n<\/div>\n                            \r\n        <\/section><!-- .gravity-section -->\r\n                    <div class=\"container\">\r\n                \r\n    <\/p>","protected":false},"excerpt":{"rendered":"<p>QUE POUVONS-NOUS FAIRE POUR VOUS ? (*)\u00a0En cas d\u2019immatriculation \u00e0 la TVA dans plusieurs pays de l\u2019Union Europ\u00e9enne, nos partenaires europ\u00e9ens de Tax Representatives Alliance (TRA)\u00a0peuvent vous accompagner en vous offrant: Une assistance \u00e0 l&rsquo;enregistrement \u00e0 la TVA et aux formalit\u00e9s d\u00e9claratives et de paiement de la TVA. Un seul contact, le gestionnaire de la [&hellip;]<\/p>\n","protected":false},"author":1,"featured_media":0,"parent":169,"menu_order":0,"comment_status":"closed","ping_status":"closed","template":"","meta":{"footnotes":""},"class_list":["post-317","page","type-page","status-publish","hentry"],"_links":{"self":[{"href":"https:\/\/www.lrf.fr\/fr\/wp-json\/wp\/v2\/pages\/317","targetHints":{"allow":["GET"]}}],"collection":[{"href":"https:\/\/www.lrf.fr\/fr\/wp-json\/wp\/v2\/pages"}],"about":[{"href":"https:\/\/www.lrf.fr\/fr\/wp-json\/wp\/v2\/types\/page"}],"author":[{"embeddable":true,"href":"https:\/\/www.lrf.fr\/fr\/wp-json\/wp\/v2\/users\/1"}],"replies":[{"embeddable":true,"href":"https:\/\/www.lrf.fr\/fr\/wp-json\/wp\/v2\/comments?post=317"}],"version-history":[{"count":99,"href":"https:\/\/www.lrf.fr\/fr\/wp-json\/wp\/v2\/pages\/317\/revisions"}],"predecessor-version":[{"id":2958,"href":"https:\/\/www.lrf.fr\/fr\/wp-json\/wp\/v2\/pages\/317\/revisions\/2958"}],"up":[{"embeddable":true,"href":"https:\/\/www.lrf.fr\/fr\/wp-json\/wp\/v2\/pages\/169"}],"wp:attachment":[{"href":"https:\/\/www.lrf.fr\/fr\/wp-json\/wp\/v2\/media?parent=317"}],"curies":[{"name":"wp","href":"https:\/\/api.w.org\/{rel}","templated":true}]}}